{"id":520,"date":"2016-05-10T03:48:21","date_gmt":"2016-05-10T03:48:21","guid":{"rendered":"https:\/\/sven-decker.de\/?page_id=2"},"modified":"2025-11-15T19:12:59","modified_gmt":"2025-11-15T18:12:59","slug":"sample-page","status":"publish","type":"page","link":"https:\/\/sven-decker.de\/","title":{"rendered":"News"},"content":{"rendered":"<p>Hallo liebe Leute und willkommen auf meiner Homepage!<\/p>\n<p><img loading=\"lazy\" decoding=\"async\" class=\"alignnone size-large wp-image-509\" src=\"https:\/\/sven-decker.de\/wp-content\/uploads\/2022\/04\/DSC04054-Kopie-scaled-1-1024x684.jpg\" alt=\"\" width=\"1024\" height=\"684\" srcset=\"https:\/\/sven-decker.de\/wp-content\/uploads\/2022\/04\/DSC04054-Kopie-scaled-1-1024x684.jpg 1024w, https:\/\/sven-decker.de\/wp-content\/uploads\/2022\/04\/DSC04054-Kopie-scaled-1-300x200.jpg 300w, https:\/\/sven-decker.de\/wp-content\/uploads\/2022\/04\/DSC04054-Kopie-scaled-1-768x513.jpg 768w, https:\/\/sven-decker.de\/wp-content\/uploads\/2022\/04\/DSC04054-Kopie-scaled-1-1536x1026.jpg 1536w, https:\/\/sven-decker.de\/wp-content\/uploads\/2022\/04\/DSC04054-Kopie-scaled-1-2048x1368.jpg 2048w\" sizes=\"auto, (max-width: 1024px) 100vw, 1024px\" \/><\/p>\n<p>Viel Spa\u00df beim St\u00f6bern!<\/p>\n<p>&nbsp;<\/p>\n<p><strong>November 2025<\/strong><br \/>\nDas neue Album Jo Beyer &#8222;Live in Bangalore&#8220; wird am 21.11. auf Berthold Records ver\u00f6ffentlicht.<br \/>\nVerf\u00fcgbar als Vinyl, CD und Download!<\/p>\n<p><img loading=\"lazy\" decoding=\"async\" class=\"alignnone  wp-image-722\" src=\"https:\/\/sven-decker.de\/wp-content\/uploads\/2025\/11\/Bangalore-Frontcover-298x300.png\" alt=\"\" width=\"249\" height=\"251\" srcset=\"https:\/\/sven-decker.de\/wp-content\/uploads\/2025\/11\/Bangalore-Frontcover-298x300.png 298w, https:\/\/sven-decker.de\/wp-content\/uploads\/2025\/11\/Bangalore-Frontcover-150x150.png 150w, https:\/\/sven-decker.de\/wp-content\/uploads\/2025\/11\/Bangalore-Frontcover-768x773.png 768w, https:\/\/sven-decker.de\/wp-content\/uploads\/2025\/11\/Bangalore-Frontcover.png 901w\" sizes=\"auto, (max-width: 249px) 100vw, 249px\" \/><\/p>\n<p>Jo Beyer- Drums, Compositions<br \/>\nAndreas Wahl- E- Guitar<br \/>\nFelix Elsner- Piano<br \/>\nSven Decker- Tenor Saxophone<\/p>\n<p>Recorded live at Windmills Bangalore, India in January 2024<br \/>\n<span class=\"mobile-undersized-upper\">Mixed by Jo Beyer<\/span><span class=\"mobile-undersized-upper\"><br \/>\n<\/span><span class=\"mobile-undersized-upper\">Artwork by Knut Sch\u00f6tteldreier<\/span><\/p>\n<p><a href=\"https:\/\/jobeyer.com\/release-bangalore\">Jo Beyer<\/a><br \/>\n<a href=\"https:\/\/www.berthold-records.de\/\">Berthold Records<\/a><\/p>\n<p>&nbsp;<\/p>\n<p>&nbsp;<\/p>\n<p><strong>Oktober 2025<\/strong><\/p>\n<p>&nbsp;<\/p>\n<p><strong>Bandcamp<br \/>\n<\/strong><br \/>\n<img loading=\"lazy\" decoding=\"async\" class=\"alignnone size-medium wp-image-715\" src=\"https:\/\/sven-decker.de\/wp-content\/uploads\/2025\/10\/IMG_7655-195x300.jpg\" alt=\"\" width=\"195\" height=\"300\" srcset=\"https:\/\/sven-decker.de\/wp-content\/uploads\/2025\/10\/IMG_7655-195x300.jpg 195w, https:\/\/sven-decker.de\/wp-content\/uploads\/2025\/10\/IMG_7655-768x1182.jpg 768w, https:\/\/sven-decker.de\/wp-content\/uploads\/2025\/10\/IMG_7655-998x1536.jpg 998w, https:\/\/sven-decker.de\/wp-content\/uploads\/2025\/10\/IMG_7655-1330x2048.jpg 1330w, https:\/\/sven-decker.de\/wp-content\/uploads\/2025\/10\/IMG_7655-scaled.jpg 1663w\" sizes=\"auto, (max-width: 195px) 100vw, 195px\" \/><\/p>\n<p>die Ver\u00f6ffentlichungen unter eigenem Namen sind ab jetzt auf meiner Bandcamp-Seite zu finden&#8230;.<br \/>\n<strong>Hier der Link zu meiner Seite:<br \/>\n<\/strong><a href=\"https:\/\/svendecker.bandcamp.com\/\">https:\/\/svendecker.bandcamp.com\/<\/a><\/p>\n<p><strong>2024<\/strong><br \/>\n<strong>JO Indien Tour Januar 2024<\/strong><\/p>\n<p><img loading=\"lazy\" decoding=\"async\" class=\"alignnone size-medium wp-image-675\" src=\"https:\/\/sven-decker.de\/wp-content\/uploads\/2023\/12\/India-Tour-2024-Portrait-2-230x300.png\" alt=\"\" width=\"230\" height=\"300\" srcset=\"https:\/\/sven-decker.de\/wp-content\/uploads\/2023\/12\/India-Tour-2024-Portrait-2-230x300.png 230w, https:\/\/sven-decker.de\/wp-content\/uploads\/2023\/12\/India-Tour-2024-Portrait-2-768x1003.png 768w, https:\/\/sven-decker.de\/wp-content\/uploads\/2023\/12\/India-Tour-2024-Portrait-2.png 1080w\" sizes=\"auto, (max-width: 230px) 100vw, 230px\" \/><br \/>\n(Supported by Ministry of Culture and Science of the State of North Rhine-Westphalia)<\/p>\n<p>Januar 2023<br \/>\n<strong>Konzerte und Workshop<br \/>\nJO live:<br \/>\n<\/strong>12.02. Karlsruhe, Jazzclub, 20:00<br \/>\n31.03. Osnabr\u00fcck, IFM Workshop und Konzert<br \/>\n01.04. Bielefeld, Bunker Ulmenwall, 20:30<\/p>\n<p><strong><br \/>\n<\/strong><strong>Saxophoncamp:<br \/>\n<\/strong>28.-30.4.2023\u00a0 7. Saxophoncamp in der Landesmusikakademie Rheinland-Pfalz, Neuwied<br \/>\n<a href=\"https:\/\/camp.katrinscherer.de\/\">Infos und Anmeldung<\/a><\/p>\n<p>April\/ Mai 2022<br \/>\n<strong>CD-Ver\u00f6ffentlichungen, 5. Saxophoncamp, jazzahead! Bremen, Acht Br\u00fccken. Musik f\u00fcr K\u00f6ln<br \/>\n<\/strong><\/p>\n<p>Ich freue mich sehr auf die CD-Ver\u00f6ffentlichung am 01.05. von <strong>Katrin Scherer\u00b4s<\/strong> neuem Trio &#8222;<strong>In Klausur<\/strong>&#8211; <strong>die gr\u00fcne Ecke&#8220;<\/strong><br \/>\nDie V\u00f6 wird digital, als CD und Vinyl erh\u00e4ltlich sein!<\/p>\n<p>Katrin Scherer &#8211; alto saxophone, baritone saxophone, composition<br \/>\nDominik Mahnig &#8211; drums<br \/>\nSven Decker &#8211; tenor saxophone, clarinet, bass clarinet<\/p>\n<p><a href=\"https:\/\/katrinscherer.de\/\">www.katrinscherer.de<\/a><br \/>\n<a href=\"https:\/\/greendeermusic.de\/\">www.greendeermusic.de<\/a><\/p>\n<p><img loading=\"lazy\" decoding=\"async\" class=\"alignnone size-medium wp-image-496\" src=\"https:\/\/sven-decker.de\/wp-content\/uploads\/2022\/04\/Cover-in-klausurweb-Kopie-klein-CDs-300x269.jpg\" alt=\"\" width=\"300\" height=\"269\" srcset=\"https:\/\/sven-decker.de\/wp-content\/uploads\/2022\/04\/Cover-in-klausurweb-Kopie-klein-CDs-300x269.jpg 300w, https:\/\/sven-decker.de\/wp-content\/uploads\/2022\/04\/Cover-in-klausurweb-Kopie-klein-CDs-1024x917.jpg 1024w, https:\/\/sven-decker.de\/wp-content\/uploads\/2022\/04\/Cover-in-klausurweb-Kopie-klein-CDs-768x688.jpg 768w, https:\/\/sven-decker.de\/wp-content\/uploads\/2022\/04\/Cover-in-klausurweb-Kopie-klein-CDs.jpg 1243w\" sizes=\"auto, (max-width: 300px) 100vw, 300px\" \/><\/p>\n<p>Au\u00dferdem freue ich mich, in <strong>Heidi Bayer\u00b4s<\/strong> neuer Band <strong>KORSH<\/strong> mitzuspielen, deren CD-Ver\u00f6ffentlichung Ende April auf dem Label <a href=\"https:\/\/tangible-music.de\/\">Tangible-Music <\/a>geplant ist.<\/p>\n<p>Heidi Bayer &#8211; Trompete, Fl\u00fcgelhorn, Komposition<br \/>\nKalle Moberg &#8211; Akkordeon<br \/>\nRobert Landfermann &#8211; Kontrabass<br \/>\nOli Steidle &#8211; Schlagzeug<br \/>\nSven Decker &#8211; Tenorsaxofon, Bassklarinette<\/p>\n<p><a href=\"https:\/\/www.heidi-bayer.de\/\">www.heidi-bayer.de<\/a><\/p>\n<p><img loading=\"lazy\" decoding=\"async\" class=\"alignnone size-medium wp-image-494\" src=\"https:\/\/sven-decker.de\/wp-content\/uploads\/2022\/04\/TM014-_-Digi-Cover-scaled-1-300x300.jpg\" alt=\"\" width=\"300\" height=\"300\" srcset=\"https:\/\/sven-decker.de\/wp-content\/uploads\/2022\/04\/TM014-_-Digi-Cover-scaled-1-300x300.jpg 300w, https:\/\/sven-decker.de\/wp-content\/uploads\/2022\/04\/TM014-_-Digi-Cover-scaled-1-1024x1024.jpg 1024w, https:\/\/sven-decker.de\/wp-content\/uploads\/2022\/04\/TM014-_-Digi-Cover-scaled-1-150x150.jpg 150w, https:\/\/sven-decker.de\/wp-content\/uploads\/2022\/04\/TM014-_-Digi-Cover-scaled-1-768x768.jpg 768w, https:\/\/sven-decker.de\/wp-content\/uploads\/2022\/04\/TM014-_-Digi-Cover-scaled-1-1536x1536.jpg 1536w, https:\/\/sven-decker.de\/wp-content\/uploads\/2022\/04\/TM014-_-Digi-Cover-scaled-1-2048x2048.jpg 2048w\" sizes=\"auto, (max-width: 300px) 100vw, 300px\" \/><\/p>\n<p><strong><br \/>\nKonzerte mit JO:<\/strong><br \/>\n30.4. jazzahead! Bremen, 14:00<br \/>\n30.4. jazzahead! Bremen (Villa Sponte), 19:00<br \/>\n02.5. Acht Br\u00fccken Festival K\u00f6ln, King Georg, 21:00<br \/>\n18.5. Wuppertal, LOCH, 20:00<\/p>\n<p><strong>5. Saxophoncamp: 06.-08.5. 2022<\/strong><br \/>\n(Workshop f\u00fcr fortgeschrittenere Saxophonist*innen mit <strong>Katrin Scherer<\/strong> und als Gast <b>Fran\u00e7ois de Ribaupierre<\/b>)<br \/>\nMusikbildungszentrum S\u00fcdwestfalen, Bad Fredeburg (Sauerland)<br \/>\n<a href=\"https:\/\/camp.katrinscherer.de\/\">Link<\/a><\/p>\n<p><img loading=\"lazy\" decoding=\"async\" class=\"alignnone size-full wp-image-352\" src=\"https:\/\/sven-decker.de\/wp-content\/uploads\/2019\/04\/sticker-w-300x300-1.jpg\" alt=\"\" width=\"300\" height=\"300\" srcset=\"https:\/\/sven-decker.de\/wp-content\/uploads\/2019\/04\/sticker-w-300x300-1.jpg 300w, https:\/\/sven-decker.de\/wp-content\/uploads\/2019\/04\/sticker-w-300x300-1-150x150.jpg 150w\" sizes=\"auto, (max-width: 300px) 100vw, 300px\" \/><\/p>\n<p>September 2021<\/p>\n<p><img loading=\"lazy\" decoding=\"async\" class=\"alignnone size-medium wp-image-472\" src=\"https:\/\/sven-decker.de\/wp-content\/uploads\/2021\/09\/Saxophon-Online-Weekend-300x169.jpg\" alt=\"\" width=\"300\" height=\"169\" srcset=\"https:\/\/sven-decker.de\/wp-content\/uploads\/2021\/09\/Saxophon-Online-Weekend-300x169.jpg 300w, https:\/\/sven-decker.de\/wp-content\/uploads\/2021\/09\/Saxophon-Online-Weekend.jpg 630w\" sizes=\"auto, (max-width: 300px) 100vw, 300px\" \/><\/p>\n<p>Hallo liebe Leute,<br \/>\nich freue mich sehr , im Dozent*innenteam dieses tollen Saxophon Online Workshops mit dabei sein zu k\u00f6nnen!<\/p>\n<p>Das Saxophon Online Weekend, das vom 15. &#8211; 17.10.2021 online stattfindet, wurde von Katrin Scherer ins Leben gerufen.<br \/>\nEin Wochenende voller Musik und spannender Themen rund ums Saxophonspielen.<br \/>\nLerne Neues und vertiefe Deine F\u00e4higkeiten in 10 Einzelworkshops &#8211; unterst\u00fctzt durch ein tolles Dozent*innenteam an erfahrenen Saxophon-P\u00e4dagog*innen.<br \/>\nMit dabei sind Katrin Scherer, Nicole Joh\u00e4nntgen, Lissy Szak\u00e1cs, Fran\u00e7ois de Ribaupierre und ich.<\/p>\n<p>Also, sichere Dir jetzt Dein Ticket f\u00fcr dieses tolle Saxophon Wochenende.<br \/>\nLiebe Gr\u00fc\u00dfe!<\/p>\n<p>P.S. hast Du Fragen, so schreibe gerne an folgende Mailadresse:<br \/>\n<a href=\"mailto:mail@saxophonkurs-online.de\">mail@saxophonkurs-online.de<\/a><br \/>\n<a href=\"https:\/\/saxophonkurs-online.de\/\">https:\/\/saxophonkurs-online.de\/<\/a><\/p>\n<p>August 2021<br \/>\nWas f\u00fcr eine tolle Woche mit Proben, CD-Aufnahmen im Maarwegstudio (mit Christian Heck) und einem Konzert auf der Cologne Jazz Week.<br \/>\nDie Musik der Band von Heidi Bayer, <strong>KORSH<\/strong>, wird im Fr\u00fchjahr 2022 auf CD ver\u00f6ffentlicht werden.<\/p>\n<p>Heidi Bayer &#8211; Trompete, Fl\u00fcgelhorn, Komposition<br \/>\nKalle Moberg &#8211; Akkordeon<br \/>\nRobert Landfermann &#8211; Kontrabass<br \/>\nOli Steidle &#8211; Schlagzeug<br \/>\nSven Decker &#8211; Tenorsaxofon, Bassklarinette<\/p>\n<p><img loading=\"lazy\" decoding=\"async\" class=\"alignnone size-medium wp-image-470\" src=\"https:\/\/sven-decker.de\/wp-content\/uploads\/2021\/09\/IMG_3141-300x300.jpg\" alt=\"\" width=\"300\" height=\"300\" srcset=\"https:\/\/sven-decker.de\/wp-content\/uploads\/2021\/09\/IMG_3141-300x300.jpg 300w, https:\/\/sven-decker.de\/wp-content\/uploads\/2021\/09\/IMG_3141-1024x1024.jpg 1024w, https:\/\/sven-decker.de\/wp-content\/uploads\/2021\/09\/IMG_3141-150x150.jpg 150w, https:\/\/sven-decker.de\/wp-content\/uploads\/2021\/09\/IMG_3141-768x768.jpg 768w, https:\/\/sven-decker.de\/wp-content\/uploads\/2021\/09\/IMG_3141.jpg 1080w\" sizes=\"auto, (max-width: 300px) 100vw, 300px\" \/><\/p>\n<p><img loading=\"lazy\" decoding=\"async\" class=\"alignnone size-medium wp-image-471\" src=\"https:\/\/sven-decker.de\/wp-content\/uploads\/2021\/09\/IMG_3142-300x300.jpg\" alt=\"\" width=\"300\" height=\"300\" srcset=\"https:\/\/sven-decker.de\/wp-content\/uploads\/2021\/09\/IMG_3142-300x300.jpg 300w, https:\/\/sven-decker.de\/wp-content\/uploads\/2021\/09\/IMG_3142-1024x1024.jpg 1024w, https:\/\/sven-decker.de\/wp-content\/uploads\/2021\/09\/IMG_3142-150x150.jpg 150w, https:\/\/sven-decker.de\/wp-content\/uploads\/2021\/09\/IMG_3142-768x768.jpg 768w, https:\/\/sven-decker.de\/wp-content\/uploads\/2021\/09\/IMG_3142.jpg 1080w\" sizes=\"auto, (max-width: 300px) 100vw, 300px\" \/><\/p>\n<p>03.5.2021<br \/>\nCD-Recording mit neuer, toller Musik von <strong>Katrin Scherer<\/strong> am 5.&amp; 6. Mai im K\u00f6lner LOFT:<br \/>\n<strong>In Klausur:<br \/>\n<\/strong>Katrin Scherer &#8211; alto saxophone, baritone saxophone, comp.<br \/>\nDominik Mahnig &#8211; drums<br \/>\nSven Decker &#8211; tenor saxophone, clarinet, bass clarinet<\/p>\n<p><img loading=\"lazy\" decoding=\"async\" class=\"alignnone size-medium wp-image-450\" src=\"https:\/\/sven-decker.de\/wp-content\/uploads\/2021\/05\/IMG_2028-300x225.jpg\" alt=\"\" width=\"300\" height=\"225\" srcset=\"https:\/\/sven-decker.de\/wp-content\/uploads\/2021\/05\/IMG_2028-300x225.jpg 300w, https:\/\/sven-decker.de\/wp-content\/uploads\/2021\/05\/IMG_2028-1024x768.jpg 1024w, https:\/\/sven-decker.de\/wp-content\/uploads\/2021\/05\/IMG_2028-768x576.jpg 768w, https:\/\/sven-decker.de\/wp-content\/uploads\/2021\/05\/IMG_2028-1536x1152.jpg 1536w, https:\/\/sven-decker.de\/wp-content\/uploads\/2021\/05\/IMG_2028.jpg 1800w\" sizes=\"auto, (max-width: 300px) 100vw, 300px\" \/><\/p>\n<p><img loading=\"lazy\" decoding=\"async\" class=\"alignnone size-medium wp-image-453\" src=\"https:\/\/sven-decker.de\/wp-content\/uploads\/2021\/05\/in-klausur-w-300x206.jpg\" alt=\"\" width=\"300\" height=\"206\" srcset=\"https:\/\/sven-decker.de\/wp-content\/uploads\/2021\/05\/in-klausur-w-300x206.jpg 300w, https:\/\/sven-decker.de\/wp-content\/uploads\/2021\/05\/in-klausur-w-1024x703.jpg 1024w, https:\/\/sven-decker.de\/wp-content\/uploads\/2021\/05\/in-klausur-w-768x527.jpg 768w, https:\/\/sven-decker.de\/wp-content\/uploads\/2021\/05\/in-klausur-w-1536x1055.jpg 1536w, https:\/\/sven-decker.de\/wp-content\/uploads\/2021\/05\/in-klausur-w.jpg 1978w\" sizes=\"auto, (max-width: 300px) 100vw, 300px\" \/><\/p>\n<p>25.9.2020<br \/>\n<img loading=\"lazy\" decoding=\"async\" class=\"alignnone size-full wp-image-352\" src=\"https:\/\/sven-decker.de\/wp-content\/uploads\/2019\/04\/sticker-w-300x300-1.jpg\" alt=\"\" width=\"300\" height=\"300\" srcset=\"https:\/\/sven-decker.de\/wp-content\/uploads\/2019\/04\/sticker-w-300x300-1.jpg 300w, https:\/\/sven-decker.de\/wp-content\/uploads\/2019\/04\/sticker-w-300x300-1-150x150.jpg 150w\" sizes=\"auto, (max-width: 300px) 100vw, 300px\" \/><\/p>\n<p>Liebe Leute,<\/p>\n<p><a href=\"http:\/\/www.katrinscherer.de\">Katrin Scherer<\/a> und ich freuen uns auf das 3. Saxophoncamp f\u00fcr fortgeschrittene Saxophonist*innen.<\/p>\n<div class=\"text_exposed_show\">\n<p>Termin: <strong>Fr, 30.10. bis So, 01.11.2020.<\/strong><\/p>\n<p>Dieses Mal sind wir in der A<strong>kademie der kulturellen Bildung<\/strong> in <strong>Remscheid<\/strong> zu Gast.<br \/>\nAuf der Website (<a href=\"http:\/\/www.saxophoncamp.de\/?fbclid=IwAR0uiKM8NvJp_OTBb9qSOIWP2imgBv_Rzz1CUfrCrI7sXs7Njcyz9CvSWXQ\" target=\"_blank\" rel=\"noopener nofollow\" data-ft=\"{&quot;tn&quot;:&quot;-U&quot;}\" data-lynx-mode=\"async\" data-lynx-uri=\"https:\/\/l.facebook.com\/l.php?u=http%3A%2F%2Fwww.saxophoncamp.de%2F%3Ffbclid%3DIwAR0uiKM8NvJp_OTBb9qSOIWP2imgBv_Rzz1CUfrCrI7sXs7Njcyz9CvSWXQ&amp;h=AT3FEBvYzw6pcpuF5lXFXsWKK-l1w15ioyaaq7SdgLDWmZbtH7f23v6bUAd5S2FnttwWktMVikoLjBcVy2K6eGPIbeQWwFGC5rfqbOYOEFKEEvx3FDDJC_J71z4MCqOKBfgDEOQ8nub1YGnBMLuVZSxzf7FA1_B8SViVOZf62hxrXfsYWBLRGhQba62U4oXm4t-hM-9r61RgUNws68dbaDa-5sZ5aVNxlqHuj58FoP3ZrrPVf-hWwOqjR1A6Eg6zHU1wvC-soZAjlSYPUFt3ixQi-sl_8ZT5kSLQlTTajSxrv6nUMrEEM3pTJIFkZCibh0V-ujT4U6f9B6095vymofhGXzcdDp1ac47XpQjQB2sVx3yppAyJ8oeymM1k0GYR9aVtJPEzQwlswlEFdE98e7YURHv55Fx05RONPMhMpAWkGrOlzXcv_yARZ_hVhhjVRsipfNM2vSn2Lm7wGKir5lCNTKcdgtOqeWhho-UQjxrBNPMr86I6lU0crOTO1gCYg9c3ec7qd-umkpVbfXFla2oKLQIRFAExGzJCso7UKjsjdGcxkDaKbWbUpxmlf0rq1-NmT3x4xik1YewvbtSuhWjA53h1pnL24Cv6u2xyDQsufGbcbDnu1d9u0eiE_UMLGAKkAoLv5UdLgA7rVh138jc\">www.saxophoncamp.de<\/a>) bekommt ihr alle aktuellen Infos hierzu.<br \/>\nDie Anmeldung zum 3. Saxophoncamp ist leider bereits abgeschlossen, es gibt aber eine Warteliste!<\/p>\n<p>Herbst\/ Winter 2018<br \/>\nIch freue mich \u00fcber die <strong>Nominierung<\/strong> f\u00fcr den <strong>Vierteljahrespreis der \u201eDeutschen Schallplattenkritik\u201c<\/strong> (Bestenliste 4\/2018) f\u00fcr die Produktion \u201eLost in Poll\u201c (<strong>JULI Quartett<\/strong>)<\/p>\n<\/div>\n<p>13. Juli 2018<br \/>\nDie CD\u00b4s meiner aktuellen Band <strong>JULI Quartett &#8222;Lost in Poll&#8220;<\/strong> sind aus dem Presswerk eingetroffen!<br \/>\nVer\u00f6ffentlichung ist der 3. Sept. 2018.<\/p>\n<p><img loading=\"lazy\" decoding=\"async\" class=\"alignnone size-medium wp-image-288\" src=\"https:\/\/sven-decker.de\/wp-content\/uploads\/2018\/06\/JULIcover-Kopie-300x268.jpg\" alt=\"\" width=\"300\" height=\"268\" srcset=\"https:\/\/sven-decker.de\/wp-content\/uploads\/2018\/06\/JULIcover-Kopie-300x268.jpg 300w, https:\/\/sven-decker.de\/wp-content\/uploads\/2018\/06\/JULIcover-Kopie.jpg 500w\" sizes=\"auto, (max-width: 300px) 100vw, 300px\" \/><\/p>\n<p>Heidi Bayer- Trumpet, Flugelhorn<br \/>\nConrad Noll- Double Bass<br \/>\nJo Beyer- Drums<br \/>\nSven Decker- Tenorsaxophone, Clarinet, Bass Clarinet, Comp.<\/p>\n<p>Liveaufnahme: Christian Heck (LOFT, K\u00f6ln im Mai 2018)<br \/>\nMix und Master: Markus Braun (Tonstudio der Welt im Juni 2018)<br \/>\nCD- Gestaltung: Katrin Scherer<br \/>\nCover (Aquarell): Heidi Bayer<br \/>\nFotos: Ninette Niemeyer<\/p>\n<p>10. Mai 2018<br \/>\nLetzte Woche war ich mit meiner neuen Band JULI Quartett im Studio (LOFT, K\u00f6ln).<br \/>\nDas Konzert am 1.5. wurde ebenfalls live aufgenommen und \u00fcber die Ver\u00f6ffentlichung des neuen Albums werde ich an dieser Stelle informieren. Freue mich schon sehr darauf. Danke an Heidi Bayer, Conrad Noll und Jo Beyer f\u00fcr\u00b4s tolle, so intensive Spielen und Christian Heck und Markus Braun f\u00fcr den Sound, die Aufnahme, den Mix und das Master&#8230;.und Ninette Niemeyer f\u00fcr die Fotos, Aaron Mucke f\u00fcr\u00b4s Video und Katrin Scherer f\u00fcr die CD-Gestaltung.<\/p>\n<p><img loading=\"lazy\" decoding=\"async\" class=\"alignnone wp-image-252 \" src=\"https:\/\/sven-decker.de\/wp-content\/uploads\/2018\/05\/DSC4416-Bearbeitet-1024x684.jpg\" alt=\"\" width=\"451\" height=\"301\" srcset=\"https:\/\/sven-decker.de\/wp-content\/uploads\/2018\/05\/DSC4416-Bearbeitet-1024x684.jpg 1024w, https:\/\/sven-decker.de\/wp-content\/uploads\/2018\/05\/DSC4416-Bearbeitet-300x200.jpg 300w, https:\/\/sven-decker.de\/wp-content\/uploads\/2018\/05\/DSC4416-Bearbeitet-768x513.jpg 768w, https:\/\/sven-decker.de\/wp-content\/uploads\/2018\/05\/DSC4416-Bearbeitet-1536x1025.jpg 1536w, https:\/\/sven-decker.de\/wp-content\/uploads\/2018\/05\/DSC4416-Bearbeitet-2048x1367.jpg 2048w\" sizes=\"auto, (max-width: 451px) 100vw, 451px\" \/><\/p>\n<p><iframe loading=\"lazy\" src=\"https:\/\/www.youtube.com\/embed\/Xd-GIIm-Pv4\" width=\"560\" height=\"315\" frameborder=\"0\" allowfullscreen=\"allowfullscreen\"><\/iframe><\/p>\n<p>11. Februar 2018<br \/>\nIm Oktober habe ich Musik f\u00fcr eine neue Band geschrieben:<strong> &#8222;JULI&#8220; Quartett<\/strong><br \/>\nEine CD und Konzerte in 2018 sind bereits in Planung!<br \/>\nFreue mich sehr, mit diesen tollen Musikern meine Musik spielen zu k\u00f6nnen:<\/p>\n<p>Heidi Bayer- Trompete, Fl\u00fcgelhorn<br \/>\nConrad Noll- Kontrabass<br \/>\nJo Beyer- Schlagzeug<br \/>\nSven Decker- Tenorsaxofon, Klarinette, Bassklarinette, Melodika, Komp.<\/p>\n<p><img loading=\"lazy\" decoding=\"async\" class=\"alignnone wp-image-253 \" src=\"https:\/\/sven-decker.de\/wp-content\/uploads\/2018\/05\/DSC6791-1024x684.jpg\" alt=\"\" width=\"442\" height=\"295\" srcset=\"https:\/\/sven-decker.de\/wp-content\/uploads\/2018\/05\/DSC6791-1024x684.jpg 1024w, https:\/\/sven-decker.de\/wp-content\/uploads\/2018\/05\/DSC6791-300x200.jpg 300w, https:\/\/sven-decker.de\/wp-content\/uploads\/2018\/05\/DSC6791-768x513.jpg 768w, https:\/\/sven-decker.de\/wp-content\/uploads\/2018\/05\/DSC6791-1536x1025.jpg 1536w, https:\/\/sven-decker.de\/wp-content\/uploads\/2018\/05\/DSC6791-2048x1367.jpg 2048w\" sizes=\"auto, (max-width: 442px) 100vw, 442px\" \/><\/p>\n<p>06. Mai 2017<br \/>\nAm 19. Mai erscheint die Debut-CD der Band <strong>JO<\/strong> bei dem schweizer Label <a href=\"http:\/\/www.unitrecords.com\" target=\"_blank\" rel=\"noopener\">Unit Records<\/a>.<br \/>\nDie Musik hat der in K\u00f6ln lebende Schlagzeuger und Bandleader Jo Beyer geschrieben.<br \/>\n(<a href=\"http:\/\/www.jobeyer.com\" target=\"_blank\" rel=\"noopener\">www.jobeyer.com<\/a>)<\/p>\n<p>Jo Beyer- Schlagzeug, Komposition<br \/>\nRoman Babik- Klavier<br \/>\nAndreas Wahl- Gitarren<br \/>\nSven Decker- Tenorsaxofon<\/p>\n<p><img loading=\"lazy\" decoding=\"async\" class=\"alignnone wp-image-89\" src=\"https:\/\/sven-decker.de\/wp-content\/uploads\/2018\/03\/IndexJoNews-300x300.jpg\" alt=\"\" width=\"438\" height=\"438\" srcset=\"https:\/\/sven-decker.de\/wp-content\/uploads\/2018\/03\/IndexJoNews-300x300.jpg 300w, https:\/\/sven-decker.de\/wp-content\/uploads\/2018\/03\/IndexJoNews-150x150.jpg 150w, https:\/\/sven-decker.de\/wp-content\/uploads\/2018\/03\/IndexJoNews.jpg 463w\" sizes=\"auto, (max-width: 438px) 100vw, 438px\" \/><br \/>\n(Foto CD-Cover: <a href=\"http:\/\/www.marionbeyer.com\" target=\"_blank\" rel=\"noopener\">Marion Beyer<\/a>)<\/p>\n<p>17. Februar 2016<br \/>\nDas CD-Releasekonzert mit Filippa Gojo am 13.2. war unglaublich sch\u00f6n: tolles Publikum, super Atmosph\u00e4re und ein ausverkaufter Saal im K\u00f6lner Stadtgarten. Danke an alle, die diesen Abend zu etwas ganz Besonderem gemacht haben.<br \/>\n(Foto: Ninette Niemeyer)<\/p>\n<p><img loading=\"lazy\" decoding=\"async\" class=\"alignnone wp-image-77\" src=\"https:\/\/sven-decker.de\/wp-content\/uploads\/2018\/03\/DuoFilippaIndex-300x201.jpg\" alt=\"\" width=\"432\" height=\"290\" srcset=\"https:\/\/sven-decker.de\/wp-content\/uploads\/2018\/03\/DuoFilippaIndex-300x201.jpg 300w, https:\/\/sven-decker.de\/wp-content\/uploads\/2018\/03\/DuoFilippaIndex.jpg 320w\" sizes=\"auto, (max-width: 432px) 100vw, 432px\" \/><\/p>\n<p>11. Dezember 2015<br \/>\nDie im Oktober aufgenommene <strong>Duo- CD &#8222;daheim&#8220;<\/strong> mit <a href=\"http:\/\/www.filippagojo.de\" target=\"_blank\" rel=\"noopener\">Filippa Gojo<\/a> ist aus dem Presswerk eingetrudelt!!<br \/>\nOffizielles CD-Releasedatum ist der 1.1.2016. Ab heute kann die CD aber auch bereits bei uns beiden erworben werden.<br \/>\nOffizielles <strong>CD-Releasekonzert<\/strong> ist dann am <strong>13.2.2016 <\/strong>im <strong>K\u00f6lner Stadtgarten<\/strong>!<\/p>\n<p><img loading=\"lazy\" decoding=\"async\" class=\"alignnone wp-image-78\" src=\"https:\/\/sven-decker.de\/wp-content\/uploads\/2018\/03\/DuoFotoProjekte2016-300x200.jpg\" alt=\"\" width=\"428\" height=\"285\" srcset=\"https:\/\/sven-decker.de\/wp-content\/uploads\/2018\/03\/DuoFotoProjekte2016-300x200.jpg 300w, https:\/\/sven-decker.de\/wp-content\/uploads\/2018\/03\/DuoFotoProjekte2016.jpg 560w\" sizes=\"auto, (max-width: 428px) 100vw, 428px\" \/><br \/>\nFilippa singt echt unglaublich und spielt zudem noch Kalimba, Sansula und Shrutibox.<br \/>\nKlarinette, Bassklarinette, Melodica und Glockenspiel werden von mir bespielt.<br \/>\nEinen kleinen Trailer von Jana Heinlein und Martin von Mauschwitz aus dem K\u00f6lner LOFT vom 14.10.2015 gibt es hier:<\/p>\n<p><iframe loading=\"lazy\" src=\"https:\/\/www.youtube.com\/embed\/sVvG8qNxan0\" width=\"560\" height=\"315\" frameborder=\"0\" allowfullscreen=\"allowfullscreen\" data-mce-fragment=\"1\"><\/iframe><\/p>\n<p>17. Oktober 2015<br \/>\nJana Heinlein hat sehr sch\u00f6ne Fotos vom Konzert mit Filippa und mir am Mittwoch im LOFT gemacht. Es war ein sch\u00f6ner Abend! Danke an alle, die da waren!<\/p>\n<p>Duo <strong>Filippa Gojo &amp; Sven Decker<\/strong><br \/>\n(Foto: Jana Heinlein)<\/p>\n<p><img loading=\"lazy\" decoding=\"async\" class=\"alignnone wp-image-82\" src=\"https:\/\/sven-decker.de\/wp-content\/uploads\/2018\/03\/Filippa-und-Sven-ProjekteBild-Kopie-300x200.jpg\" alt=\"\" width=\"434\" height=\"289\" srcset=\"https:\/\/sven-decker.de\/wp-content\/uploads\/2018\/03\/Filippa-und-Sven-ProjekteBild-Kopie-300x200.jpg 300w, https:\/\/sven-decker.de\/wp-content\/uploads\/2018\/03\/Filippa-und-Sven-ProjekteBild-Kopie.jpg 560w\" sizes=\"auto, (max-width: 434px) 100vw, 434px\" \/><\/p>\n<p>Oktober 2015<\/p>\n<p>Zwei besondere Konzerte stehen an:<br \/>\nIm Sommer habe ich Musik f\u00fcr ein Duo mit der wunderbaren S\u00e4ngerin <strong><a href=\"http:\/\/www.filippagojo.de\" target=\"_blank\" rel=\"noopener\">Filippa Gojo<\/a><\/strong> geschrieben.<\/p>\n<p>Jetzt im Oktober kann man die Musik Live erleben und es wird dabei auch eine CD enstehen, die im Fr\u00fchjahr 2016 ver\u00f6ffentlicht wird. Bin sehr gespannt und freue mich wahnsinnig.<\/p>\n<p><strong>Mi., 07. Oktober, 20:15 in Essen im Goethebunker in der Reihe &#8222;Betonmusik&#8220;<\/strong><br \/>\n<a href=\"http:\/\/www.jazz-offensive-essen.de\" target=\"_blank\" rel=\"noopener\">http:\/\/www.jazz-offensive-essen.de<\/a><\/p>\n<p><strong>Mi., 14. Oktober, 20:30 in K\u00f6ln im LOFT (Live Recording!)<\/strong><br \/>\n<a href=\"http:\/\/loftkoeln.de\/index.php?id=30&amp;no_cache=1&amp;tx_ttnews[tt_news]=2147\" target=\"_blank\" rel=\"noopener\">http:\/\/www.loftkoeln.de<\/a><\/p>\n<p><strong>Filippa Gojo: Gesang, Shrutibox, Kalimba, Sansula<br \/>\nSven Decker: Bassklarinette, Klarinette, Melodica, Glockenspiel<\/strong><\/p>\n<p><strong>Mut zur Emotion |<\/strong><\/p>\n<p>Filippa Gojo und Sven Decker auf Augenh\u00f6he<\/p>\n<p>Text &amp; Fotos: Stefan Pieper f\u00fcr NRW Jazz<\/p>\n<p>Essen, 12.10.2015 | Filippa Gojo hat in diesem Jahr den Neuen Deutschen Jazzpreis gewonnen und ist ebenso verdiente Preistr\u00e4gerin eines Solistinnen-Preises. Auf ihrem Soloalbum \u201eVertraum\u201c hat sie ihre k\u00fcnstlerische Selbstfindung unbeirrt weiter getrieben.<\/p>\n<p>Was die heute in K\u00f6ln Lebende dort mit eigener Stimme zuz\u00fcglich diverser Instrumente kreiert, zeugt von Mut, Kreativit\u00e4t und k\u00fcnstlerischer Konsequenz. Die gestalterische Bandbreite ihrer Vokalkunst negiert dabei jede Rollenfestschreibung der heute in K\u00f6ln Lebenden als \u201eS\u00e4ngerin\u201c.<\/p>\n<p>In Essen nun trat sie in einen Dialog mit dem Klarinettisten Sven Decker:<br \/>\nLeise und intim begeben sich beide gemeinsam auf Klangsuche, finden einander und formulieren Gegenpole. Es gibt keine Rollen oder Stereotypen: Filippa Gojos Stimme wird zum Instrument.<br \/>\nSven Deckers melodische Linien auf den Klarinetten sind wie eine beredte Stimme. Das ist Ber\u00fchrung auf Augenh\u00f6he.<br \/>\nSven Deckers Spiel strahlt viel innere Ruhe aus, produziert aber auch Wendepunkte. Filippa Gojo arbeitet sich an melodischen Mustern und feingewebten Texturen ab.<br \/>\nVor allem bleibt ihr Orgen so nat\u00fcrlich, so schwerelos bei allen, auch manchmal bizarren Vokalabenteuern.Verwehte liedhafte Elemente wirken kindlich und direkt, l\u00f6sen sich zugleich spielerisch auf. Manchmal ist auch die Tonalit\u00e4t ein Spielfeld, welches man anarchisch verbiegt. Filippa Gojo leistet sich skurrillen Humor, erz\u00e4hlt Geschichten zu diesen Liedern und in diesen Liedern &#8211; die sie auch in der Mundart ihrer Heimat am Bodensee artikuliert. Manchmal bekommt alles eine rituelle Aura, wenn sie sich selbst auf der Skrutibox, einem indischen Harmonium oder auf einer Art Daumenklavier begleitet. Sven Decker spielt L\u00e4ufe und Phrasen dazu, die all dies auch in richtigen Moment mit einer reflektierten gerne auch mal gegen den Strich geb\u00fcrsteten Jazzidiomatik erden.<br \/>\nDie etwa zwei Meter dicken Stahlbetonmauern des Goethebunkers sch\u00fctzten diese ganze Skala aus innigen Emotionen und frei flie\u00dfenden Ideen und boten das ideale Refugium daf\u00fcr.<br \/>\nDie Jazzoffensive Essen bietet mit dieser neu ins Leben gerufenen \u201eBetonmusik\u201c nun nach l\u00e4ngerer Pause wieder eine eigene Reihe f\u00fcr kleine, experimentierfreudige Besetzungen auf.<\/p>\n<p>Text und Fotos sind hier zu finden:<a href=\"http:\/\/www.nrwjazz.net\/reviews\/2015\/Mut_zur_Emotion_|_Filippa_Gojo_und_Sven_Decker_im_Dialog_auf\/\" target=\"_blank\" rel=\"noopener\"> Link<\/a><\/p>\n<hr align=\"left\" noshade=\"noshade\" size=\"1\" width=\"300\" \/>\n<p><a href=\"http:\/\/loftkoeln.de\/index.php?id=30&amp;no_cache=1&amp;tx_ttnews[tt_news]=2147\" target=\"_blank\" rel=\"noopener\"><br \/>\n<span style=\"color: black;\">Eine weitere, sch\u00f6ne Konzertrezension unserer Premiere im Essener Goethebunker am 07.10. hat Sven Thielmann f\u00fcr die WAZ verfasst:<\/span><\/a><\/p>\n<p><strong>Poetische Pracht zwischen Betonw\u00e4nden<\/strong><br \/>\nAlles neu macht manchmal auch der Oktober. Jedenfalls f\u00fcr Jazz-Fans, denen die \u201eJazz Offensive Essen\u201c nun im Goethebunker eine weitere Konzertreihe namens \u201eBetonmusik\u201c serviert. Die Premiere startete prompt mit ebensolcher, pr\u00e4sentierte sich das Duo \u201cFilippa Gojo &amp; Sven Decker\u201c doch erstmals live. Eine \u00fcberzeugende Synthese aus filigraner Vokalkunst und delikaten Klarinettenkl\u00e4ngen.<\/p>\n<p>Obschon beide Musiker seit langem in K\u00f6ln leben, trafen sie erst vor drei Monaten musikalisch aufeinander. Eine Begegnung mit gl\u00fccklichen Folgen, denn die aus Bregenz stammende S\u00e4ngerin und der im Saarland geborene Bl\u00e4ser erg\u00e4nzen einander perfekt, wie sich im gut besuchten Goethebunker zeigte. Zarteste Klarinetten-Melodien verwoben sich da mit meist sprachloser Stimm-Akrobatik \u00fcber sonoren Bordun-T\u00f6nen einer indischen Shrutibox (eine Art Miniatur-Harmonium) oder dem stillen Geklimper einer afrikanischen Kalimba zu kammermusikalischen Gespinsten von bet\u00f6render Sch\u00f6nheit. Die Filippa Gojo gelegentlich Megaphon-verzerrt gewitzt aufrauhte, dezent begleitet von Sven Decker auch an Melodika und Glockenspiel.<\/p>\n<p>Als die charmante S\u00e4ngerin obendrein in heimischem Dialekt solierte, kannte der Jubel keine Grenzen mehr. Keine Frage, da bl\u00fchte Kammer-Jazz in kaltem Beton in poetischer Pracht, erlebte man begl\u00fcckt ein neues Traum-Duo mit vielversprechender Zukunft.<br \/>\n(Sven Thielmann, WAZ am 09.10.2015)<\/p>\n<hr align=\"left\" noshade=\"noshade\" size=\"1\" width=\"300\" \/>\n<p>August 2015<\/p>\n<p><img loading=\"lazy\" decoding=\"async\" class=\"alignnone size-medium wp-image-88\" src=\"https:\/\/sven-decker.de\/wp-content\/uploads\/2018\/03\/Index-bracht-trio-wogram-300x225.jpg\" alt=\"\" width=\"300\" height=\"225\" srcset=\"https:\/\/sven-decker.de\/wp-content\/uploads\/2018\/03\/Index-bracht-trio-wogram-300x225.jpg 300w, https:\/\/sven-decker.de\/wp-content\/uploads\/2018\/03\/Index-bracht-trio-wogram.jpg 640w\" sizes=\"auto, (max-width: 300px) 100vw, 300px\" \/><br \/>\nIm Sommer war ich mit dem <strong>Thomas Bracht Trio<\/strong> und <strong>Nils Wogram<\/strong> im Studio.<br \/>\nCD geht bald ins Presswerk und wird im Fr\u00fchjahr 2016 erscheinen. Tolle Musik!<br \/>\nBin sehr gespannt und freue mich schon drauf!<\/p>\n<hr align=\"left\" noshade=\"noshade\" size=\"1\" width=\"300\" \/>\n<p>Juli 2015<\/p>\n<p>Es entstanden gerade viele neue Kompositionen f\u00fcr ein neues Projekt (Duo) mit der wunderbaren <strong>Filippa Gojo<\/strong>. Zu h\u00f6ren im Herbst! Mehr dazu dann auch an dieser Stelle.<\/p>\n<p>Filippa Gojo: Gesang, Shrutibox, Kalimba, Sansula<br \/>\nSven Decker: Bassklarinette, Klarinette, Melodica, Glockenspiel<\/p>\n<p><a href=\"http:\/\/www.filippagojo.de\" target=\"_blank\" rel=\"noopener\">www.filippagojo.de<\/a><\/p>\n<hr align=\"left\" noshade=\"noshade\" size=\"1\" width=\"300\" \/>\n<p>30.01.2015<br \/>\n<strong>Presse<\/strong>:<br \/>\nhier nun die ersten Besprechungen meiner <strong>aktuellen CD &#8222;Sepia&#8220;<\/strong> (Ausz\u00fcge)<\/p>\n<p>\u201c\u2026ein Ganzes und in sich abgeschlossenes Werk\u2026\u201d<br \/>\n\u201c\u2026Der Rahmen umspannt hemmungslose Energie bis zur Empfindungsgabe die schon ber\u00fchrend ist\u2026\u201d<br \/>\n\u201c\u2026herrliche Sch\u00f6nheit und Reife\u2026\u201d<br \/>\n\u201c\u2026Ein Spektrum an Klangfarben wie ein Bilderreigen\u2026.\u201d<br \/>\n(Kurt Rade,Virgin Jazz Face)<\/p>\n<p>&#8212;&#8212;&#8212;&#8212;&#8212;&#8212;&#8212;&#8212;&#8212;&#8212;&#8212;&#8212;&#8212;&#8211;<\/p>\n<p>\u201c&#8230;behutsam steigernde Exerzitien\u2026\u201d<br \/>\n\u201c\u2026das transparente Spiel der drei Musiker weist jedenfalls so viele Ecken, Kanten und \u00fcberraschende Wendungen auf, dass es immer spannend bleibt\u2026\u201d<br \/>\n(Rolf Thomas, Jazzthing)<\/p>\n<div><\/div>\n<p>&#8212;&#8212;&#8212;&#8212;&#8212;&#8212;&#8212;&#8212;&#8212;&#8212;&#8212;&#8212;&#8212;&#8211;<\/p>\n<p>\u201c&#8230;Reduktion an Klangdichte bei gleichzeitig maximaler Intensit\u00e4t und Transparenz in der Gestaltung melodischer und kompositorischer Stilmittel\u2026\u201d<br \/>\n\u201c\u2026immer reduziert auf das Wesentliche im Vertrauen auf die offenliegende Kraft der nicht gespielten Noten: Weniger ist mehr.\u201d<br \/>\n(Tobias B\u00f6cker, Jazzpodium)<\/p>\n<div><\/div>\n<p>&#8212;&#8212;&#8212;&#8212;&#8212;&#8212;&#8212;&#8212;&#8212;&#8212;&#8212;&#8212;&#8212;-<\/p>\n<p>\u201c\u2026mitrei\u00dfende klangliche und emotionale Dichte\u2026\u201d<br \/>\n\u201c\u2026filigrane Momente\u2026\u201d<br \/>\n(Stefan Uhrmacher, SZ)<\/p>\n<p>&#8212;&#8212;&#8212;&#8212;&#8212;&#8212;&#8212;&#8212;&#8212;&#8212;&#8212;&#8212;&#8212;<\/p>\n<p>\u201c\u2026virtuos-expressive Elegie\u2026\u201d<br \/>\n\u201c\u2026charakterstarke Klangprosa\u2026\u201d<br \/>\n(Hans- Dieter Gr\u00fcnefeld, Hifi&amp; Records)<\/p>\n<div><\/div>\n<hr align=\"left\" noshade=\"noshade\" size=\"1\" width=\"300\" \/>\n<p>28.09.2014<\/p>\n<p><img loading=\"lazy\" decoding=\"async\" class=\"alignnone size-medium wp-image-124\" src=\"https:\/\/sven-decker.de\/wp-content\/uploads\/2018\/03\/Transparency-Kopie-300x280.jpg\" alt=\"\" width=\"300\" height=\"280\" srcset=\"https:\/\/sven-decker.de\/wp-content\/uploads\/2018\/03\/Transparency-Kopie-300x280.jpg 300w, https:\/\/sven-decker.de\/wp-content\/uploads\/2018\/03\/Transparency-Kopie.jpg 500w\" sizes=\"auto, (max-width: 300px) 100vw, 300px\" \/><\/p>\n<p>Gro\u00dfe Freude:<\/p>\n<p>Am 1. Okober \u00b414 wurde meine neue CD auf GREEN DEER MUSIC ver\u00f6ffentlicht:<\/p>\n<p><strong>Sven Decker&#8217;s TRANSPARENCY: Sepia<br \/>\nSven Decker \u2013 Tenorsaxophon, Bassklar., Klar., Melodica, Komposition<br \/>\nAkeo Nowak &#8211; Kontrabass<br \/>\nEtienne Nillesen &#8211; Schlagzeug<\/strong><\/p>\n<p>aufgenommen von Christian Heck am 27.04.2014 im LOFT\/K\u00f6ln<br \/>\ngemischt und gemastert im Mai und Juni 2014 von Markus Braun<br \/>\nFilmstills: Jana Heinlein (<a href=\"http:\/\/www.janaheinlein.viewbook.com\" target=\"_blank\" rel=\"noopener\">www.janaheinlein.viewbook.com<\/a>)<br \/>\nArtwork: Katrin Scherer<\/p>\n<p>LIVE:<br \/>\n(Filmography: Jana Heinlein)<\/p>\n<p><iframe loading=\"lazy\" src=\"https:\/\/www.youtube.com\/embed\/P3dD5GvZtak\" width=\"560\" height=\"315\" frameborder=\"0\" allowfullscreen=\"allowfullscreen\"><\/iframe><\/p>\n<hr align=\"left\" noshade=\"noshade\" size=\"1\" width=\"300\" \/>\n<p>09.06.2014<br \/>\n<a href=\"http:\/\/www.janaheinlein.viewbook.com\" target=\"_blank\" rel=\"noopener\">Jana Heinlein<\/a> hat wunderbare FilmStills und Videos vom TRANSPARENCY- Konzert Ende April im LOFT angefertigt!<\/p>\n<p><img loading=\"lazy\" decoding=\"async\" class=\"alignnone size-medium wp-image-177\" src=\"https:\/\/sven-decker.de\/wp-content\/uploads\/2018\/03\/Sven-Deckers-TRANSPARENCY2-Kopie-300x169.jpg\" alt=\"\" width=\"300\" height=\"169\" srcset=\"https:\/\/sven-decker.de\/wp-content\/uploads\/2018\/03\/Sven-Deckers-TRANSPARENCY2-Kopie-300x169.jpg 300w, https:\/\/sven-decker.de\/wp-content\/uploads\/2018\/03\/Sven-Deckers-TRANSPARENCY2-Kopie.jpg 473w\" sizes=\"auto, (max-width: 300px) 100vw, 300px\" \/><\/p>\n<p>Und hier der Link zu den<a href=\"http:\/\/www.youtube.com\/channel\/UCoDsyuq9UmG7XZuuwoi6FVQ\" target=\"_blank\" rel=\"noopener\"> Live- Videos von TRANSPARENCY<\/a>:<br \/>\n(Live aufgenommen von Christian Heck, gemischt von Markus Braun)<br \/>\nDank an Christian und Markus f\u00fcr den transparenten Sound \ud83d\ude09 !!<\/p>\n<p>Die neue CD wird im Herbst unter dem Titel &#8222;Sepia&#8220; erscheinen!<br \/>\nMehr dazu an dieser Stelle!<\/p>\n<hr align=\"left\" noshade=\"noshade\" size=\"1\" width=\"300\" \/>\n<p>20.05.2014<br \/>\nUnter folgendem Link ist die Musik verschiedenster Bands von mir zu h\u00f6ren:<\/p>\n<p><a href=\"https:\/\/soundcloud.com\/svedeck\" target=\"_blank\" rel=\"noopener\">https:\/\/soundcloud.com\/svedeck<\/a><\/p>\n<p>Schaut gerne mal vorbei!<\/p>\n<hr align=\"left\" noshade=\"noshade\" size=\"1\" width=\"300\" \/>\n<p>01.04.2014<br \/>\nIm vergangenen Sommer habe ich Musik f\u00fcr eine neue Band geschrieben:<br \/>\n<strong>Transparency<\/strong><br \/>\n<strong>Matthias Akeo Nowak- bass<\/strong><br \/>\n<strong>Etienne Nillesen<\/strong>&#8211;<strong> drums<\/strong><br \/>\n<strong>Sven Decker<\/strong>&#8211; <strong>tenorsax, clarinet, bassclar., glockenspiel, melodica, comp.<\/strong><br \/>\nIch freue mich schon jetzt die Musik bald zum ersten Mal auf die B\u00fchne zu bringen:<br \/>\n<strong>Sonntag, 27.4. um 20h30 im <a href=\"http:\/\/www.loftkoeln.de\" target=\"_blank\" rel=\"noopener\">K\u00f6lner Loft<\/a><\/strong><\/p>\n<p>Kommt doch vorbei!!!<br \/>\nGefilmt wird das Konzert von der wunderbaren <a href=\"http:\/\/www.janaheinlein.viewbook.com\" target=\"_blank\" rel=\"noopener\">Jana Heinlein<\/a>.<\/p>\n<hr align=\"left\" noshade=\"noshade\" size=\"1\" width=\"300\" \/>\n<p>03.01.2014<br \/>\n<strong>Feinkost Decker <\/strong>stellt die neue CD &#8222;<strong>Second Crack<\/strong>&#8220; vor!!!<\/p>\n<p><img loading=\"lazy\" decoding=\"async\" class=\"alignnone size-medium wp-image-181\" src=\"https:\/\/sven-decker.de\/wp-content\/uploads\/2018\/03\/Feinkost-Decker2014-300x199.jpg\" alt=\"\" width=\"300\" height=\"199\" srcset=\"https:\/\/sven-decker.de\/wp-content\/uploads\/2018\/03\/Feinkost-Decker2014-300x199.jpg 300w, https:\/\/sven-decker.de\/wp-content\/uploads\/2018\/03\/Feinkost-Decker2014-1024x680.jpg 1024w, https:\/\/sven-decker.de\/wp-content\/uploads\/2018\/03\/Feinkost-Decker2014-768x510.jpg 768w, https:\/\/sven-decker.de\/wp-content\/uploads\/2018\/03\/Feinkost-Decker2014-1536x1020.jpg 1536w, https:\/\/sven-decker.de\/wp-content\/uploads\/2018\/03\/Feinkost-Decker2014-2048x1360.jpg 2048w\" sizes=\"auto, (max-width: 300px) 100vw, 300px\" \/><\/p>\n<p>Wo: <a href=\"http:\/\/www.ini-art.de\/\" target=\"_blank\" rel=\"noopener\">ini- Art- Festival<\/a> <strong>Saarbr\u00fccken im TiV<\/strong> (Theater im Viertel), Landwehrplatz 2<br \/>\nWann: <strong>Samstag, 11.01.2014 ab 20h<\/strong><br \/>\n<strong>Feinkost Decker<\/strong>:<br \/>\n<strong>Sven Decker<\/strong>: Tenorsaxophon, Klarinette, Bassklarinette, Melodika, Komposition<br \/>\n<strong>Katrin Scherer<\/strong>: Altsaxophon, Baritonsaxophon, Fl\u00f6te, Melodika<br \/>\n<strong>Stefan Scheib<\/strong>: Kontrabass<br \/>\n<strong>Christoph Hillmann<\/strong>: Schlagzeug, Udu<\/p>\n<hr align=\"left\" noshade=\"noshade\" size=\"1\" width=\"300\" \/>\n<p>27.10.2013<br \/>\n<strong>Ohne 4 gespielt drei &#8222;Time Trial&#8220;<\/strong> auf kleiner <strong>Tour<\/strong> im November:<\/p>\n<p><strong>Sa., 09.11. Dresden\/ Pohrsdorf \u201cSaxstall\u201d, 17h<br \/>\nSo., 10.11. K\u00f6ln \u201cABS\u201c (Real-Live-Jazz), 19h30<br \/>\nMo., 11.11. Moers \u201cSchlo\u00dftheater\u201d in der Reihe \u201cmusikalisches Gew\u00e4chshaus\u201d, 19h30<br \/>\nDi., 12.11. D\u00fcsseldorf, \u201cMallet-Institute\u201d (feat. Matthias Goebel &#8211; p,vibes), 20h<br \/>\nMi., 13.11. Rheinberg, \u201cAlte Kellnerei\u201c, 20h<\/strong><\/p>\n<p><img loading=\"lazy\" decoding=\"async\" class=\"alignnone size-medium wp-image-185\" src=\"https:\/\/sven-decker.de\/wp-content\/uploads\/2018\/03\/o4g3-1time-trial-300dpi-300x210.jpg\" alt=\"\" width=\"300\" height=\"210\" srcset=\"https:\/\/sven-decker.de\/wp-content\/uploads\/2018\/03\/o4g3-1time-trial-300dpi-300x210.jpg 300w, https:\/\/sven-decker.de\/wp-content\/uploads\/2018\/03\/o4g3-1time-trial-300dpi-1024x718.jpg 1024w, https:\/\/sven-decker.de\/wp-content\/uploads\/2018\/03\/o4g3-1time-trial-300dpi-768x538.jpg 768w, https:\/\/sven-decker.de\/wp-content\/uploads\/2018\/03\/o4g3-1time-trial-300dpi-1536x1077.jpg 1536w, https:\/\/sven-decker.de\/wp-content\/uploads\/2018\/03\/o4g3-1time-trial-300dpi.jpg 1772w\" sizes=\"auto, (max-width: 300px) 100vw, 300px\" \/><\/p>\n<p>07.03.2013<br \/>\n<strong>MOERS-FESTIVAL 2013!!<\/strong><\/p>\n<p><strong>Katrin Scherer\u00b4s THE BLISS<\/strong> spielt am <strong>So., den 19. Mai 2013<\/strong> um<strong> 15h<\/strong> auf dem <strong>moers-festival<\/strong>!<br \/>\nTHE BLISS sind <strong>Katrin Scherer<\/strong>, <strong>John- Dennis Renken<\/strong>, <strong>Andreas Wahl,<\/strong> <strong>Sebastian R\u00e4ther<\/strong>, <strong>Christian Thom\u00e9<\/strong> und ich.<br \/>\nFreue mich total, auf diesem gro\u00dfartigen Festival spielen zu k\u00f6nnen.<\/p>\n<p>Hier das komplette Programm:<a href=\"http:\/\/www.moers-festival.de\/programm\/programmuebersicht-2013.html\" target=\"_blank\" rel=\"noopener\"> moers-festival 2013<\/a><\/p>\n<p><a href=\"http:\/\/www.adticket.de\/Moers-Festival-2013.html\" target=\"_blank\" rel=\"noopener\">HIER <\/a>gibt es die Tickets!!!!<\/p>\n<p><strong>GRO\u00dfARTIG war es<\/strong>!<\/p>\n<p><img loading=\"lazy\" decoding=\"async\" class=\"alignnone size-medium wp-image-76\" src=\"https:\/\/sven-decker.de\/wp-content\/uploads\/2018\/03\/Co_K_Rade_2013_05_19_1470-Kopie-300x200.jpg\" alt=\"\" width=\"300\" height=\"200\" srcset=\"https:\/\/sven-decker.de\/wp-content\/uploads\/2018\/03\/Co_K_Rade_2013_05_19_1470-Kopie-300x200.jpg 300w, https:\/\/sven-decker.de\/wp-content\/uploads\/2018\/03\/Co_K_Rade_2013_05_19_1470-Kopie.jpg 611w\" sizes=\"auto, (max-width: 300px) 100vw, 300px\" \/><br \/>\nFoto: Kurt Rade<\/p>\n<p>01.04.2013<br \/>\n<strong>FINALE NEUER DEUTSCHER JAZZPREIS MANNHEIM 2013!<\/strong><\/p>\n<p><strong>Ohne 4 gespielt drei stand im Finale des &#8222;Neuer Deutscher Jazzpreis 2013&#8220;!!<br \/>\n(Katrin Scherer, Bernd Oezsevim, Sven Decker) und belegte einen tollen 2. Platz!!!<\/strong><br \/>\nHerzlichsten Gl\u00fcckwunsch an die Siegerband &#8222;H\u00fctte&#8220;! Tolle Musiker, nette Kollegen und fantastische Band! Den 3. Rang belegte eine ebenfalls klasse Band aus Berlin: &#8222;G\u00fcnter Adler&#8220;<\/p>\n<p>Herzlichen dank an das gro\u00dfartige Publikum, die ehrenamtlichen Helfer vor Ort, die <strong>IG Jazz im Rhein- Neckar- Raum e.V<\/strong>. und den diesj\u00e4hrigen Kurator <strong>Louis Sclavis<\/strong>!<\/p>\n<p>Hier ein Bericht und ein Audiokommentar von Julia Neupert: <a href=\"http:\/\/www.swr.de\/swr2\/-\/id=7576\/nid=7576\/did=11194002\/pzojob\/\" target=\"_blank\" rel=\"noopener\">Neuer Deutscher Jazzpreis Mannheim 2013<br \/>\n<\/a><br \/>\nDezember 2012<br \/>\n<strong>FEINKOST DECKER &#8222;SECOND CRACK&#8220;<\/strong>: <strong>VER\u00d6FFENTLICHUNG IM M\u00c4RZ 2013 AUF GREEN DEER MUSIC (GDM 06)<br \/>\n<\/strong><\/p>\n<p><img loading=\"lazy\" decoding=\"async\" class=\"alignnone size-medium wp-image-81\" src=\"https:\/\/sven-decker.de\/wp-content\/uploads\/2018\/03\/FeinkostDeckerfrohJPGweb-300x200.jpg\" alt=\"\" width=\"300\" height=\"200\" srcset=\"https:\/\/sven-decker.de\/wp-content\/uploads\/2018\/03\/FeinkostDeckerfrohJPGweb-300x200.jpg 300w, https:\/\/sven-decker.de\/wp-content\/uploads\/2018\/03\/FeinkostDeckerfrohJPGweb-1024x681.jpg 1024w, https:\/\/sven-decker.de\/wp-content\/uploads\/2018\/03\/FeinkostDeckerfrohJPGweb-768x511.jpg 768w, https:\/\/sven-decker.de\/wp-content\/uploads\/2018\/03\/FeinkostDeckerfrohJPGweb-1536x1022.jpg 1536w, https:\/\/sven-decker.de\/wp-content\/uploads\/2018\/03\/FeinkostDeckerfrohJPGweb-2048x1363.jpg 2048w\" sizes=\"auto, (max-width: 300px) 100vw, 300px\" \/><\/p>\n<p>Sven Decker: Tenorsaxophon, Klarinette, Bassklarinette, Melodika, Komposition<br \/>\nKatrin Scherer: Altsaxophon, Baritonsaxophon, Fl\u00f6te, Melodika<br \/>\nStefan Scheib: Kontrabass<br \/>\nChristoph Hillmann: Schlagzeug, Udu<\/p>\n<p><strong>Presseausz\u00fcge der aktuellen CD &#8222;Second Crack&#8220;<\/strong>:<\/p>\n<p><strong><span style=\"color: #bf3d3d;\"><span style=\"color: #000000;\">\u201c\u2026 hochkomprimierten klanglichen Pretiosen\u2026\u201d<\/span><br \/>\n<span style=\"color: #000000;\">\u201c\u2026 schiere Kraft des Ausdrucks\u2026\u201d<\/span><br \/>\n<span style=\"color: #000000;\">\u201c\u2026 verschmitzte Humor der Struktur\u2026\u201d<\/span><br \/>\n<span style=\"color: #000000;\">\u201c\u2026 strotzt vor musikalischer Fantasie, \u00fcberraschenden Wendungen und feinsinnigen Nuancen. Zuh\u00f6ren! Genie\u00dfen!\u2026\u201d<\/span><br \/>\n<\/span><span style=\"color: black;\">(Stefan Hentz, Jazzthing April\/ Mai 2013)<\/span><span style=\"color: #bf3d3d;\"><br \/>\n<span style=\"color: #000000;\">\u201c\u2026 betreiben mit viel Witz lebendige Klangforschung\u2026<\/span><br \/>\n<span style=\"color: #000000;\">\u201c\u2026 unerwarteter Wendungen und fintenreicher Dialoge\u2026\u201d<\/span><br \/>\n<span style=\"color: #000000;\">\u201c\u2026 herzerfrischender Improvisationsfreude\u2026\u201d<\/span><br \/>\n<span style=\"color: #000000;\">\u201c\u2026 Abwechslungsreichtum in Instrumentierung und im Zusammenspiel\u2026\u201d<\/span><br \/>\n<span style=\"color: #000000;\">\u201c\u2026 macht den Besuch von Feinkost Decker zu einem Erlebnis\u2026\u201d<\/span><br \/>\n<\/span><span style=\"color: black;\">(Rolf Thomas, Jazzthetik M\u00e4rz\/ April 2013, 4 Sterne)<\/span><span style=\"color: #bf3d3d;\"><br \/>\n<span style=\"color: #000000;\">\u201c\u2026 eine faszinierende Ausdruckstiefe\u2026\u201d<\/span><br \/>\n<\/span><span style=\"color: black;\">(Sven Thielmann, hifi&amp; records 2\/2013)<\/span><span style=\"color: #bf3d3d;\"><br \/>\n<span style=\"color: #000000;\">\u201c\u2026 geschmackvolle Soundkreationen und besonders ausgew\u00e4hlte Gaumenfreuden f\u00fcr das Ohr\u2026\u201d<\/span><br \/>\n<span style=\"color: #000000;\">\u201c\u2026 ber\u00fchrendes Tonmaterial\u2026\u201d<\/span><br \/>\n<span style=\"color: #000000;\">\u201c\u2026 k\u00f6rnig, locker, wohlschmeckend\u2026\u201c<\/span><br \/>\n<\/span><span style=\"color: black;\">(Klaus H\u00fcbner, Jazzpodium M\u00e4rz 2013)<\/span><span style=\"color: #bf3d3d;\"><br \/>\n<span style=\"color: #000000;\">\u201c\u2026 sinnenfreudiger H\u00f6rgenuss garantiert\u2026\u201d<\/span><br \/>\n<\/span><span style=\"color: black;\">(Stefan Uhrmacher, SZ, 4 Sterne)<\/span><\/strong><\/p>\n<p>Januar 2012<\/p>\n<p>Sie ist da, die neue CD des Trios <strong>Ohne 4 gespielt drei: &#8222;Time Trial&#8220;<\/strong><\/p>\n<p><img loading=\"lazy\" decoding=\"async\" class=\"alignnone size-full wp-image-123\" src=\"https:\/\/sven-decker.de\/wp-content\/uploads\/2018\/03\/o4g3timetrial201.jpg\" alt=\"\" width=\"201\" height=\"189\" \/><\/p>\n<p>10 brandneue Kompositionen werden im M\u00e4rz auf GREEN DEER MUSIC ver\u00f6ffentlicht! (GDM 05)<\/p>\n<p>Katrin Scherer: Alt- &amp; Baritonsaxophon, Melodica, Glockenspiel<br \/>\nSven Decker: Tenorsaxophon, Klarinette, Bassklarinette<br \/>\nBernd Oezsevim: Schlagzeug<\/p>\n<p>Es macht uns gro\u00dfen Spa\u00df, die aktuelle Musik live zu spielen.<\/p>\n<p>November 2011<\/p>\n<p>Geschafft! Die 10 neuen St\u00fccke der n\u00e4chsten<strong> Ohne 4 gespielt drei- CD<\/strong> sind im Kasten und auch bereits gemischt. Aufgenommen haben wir bei und mit Markus Braun in K\u00f6ln, unserem Freund und seit vielen Jahren bereits gesch\u00e4tzten Tontechniker. Die Ver- \u00f6ffentlichung ist f\u00fcr Fr\u00fchjahr 2012 geplant.<br \/>\nUnter folgendem Link k\u00f6nnen \u00fcbrigens s\u00e4mtliche Ver\u00f6ffentlichungen von Katrin Scherer und mir erworben werden (also: Feinkost Decker, U.F.O., Ohne 4 gespielt drei und The Bliss):<br \/>\n<a href=\"http:\/\/www.cdbaby.com\/all\/greendeer\" target=\"_blank\" rel=\"noopener\">http:\/\/www.cdbaby.com\/all\/greendeer <\/a><\/p>\n<p>September 2011<\/p>\n<p><strong>Ohne 4 gespielt drei<\/strong> arbeitet momentan an einem neuen Programm; etwas jazziger und ohne Elektronik. Im Sept.und Okt. stellen wir die neue Musik in ein paar Konzerten vor und im November gehen wir endlich wieder ins Studio, um unsere neue CD zu produzieren. Reichlich Saxophone und Klarinetten und Schlagzeug werden wieder zu h\u00f6ren sein. Wir freuen uns drauf und sind sehr gespannt.<\/p>\n<p><strong>Feinkost Decker<\/strong> war im Oktober dieses Jahres im Studio. 9 brandneue St\u00fccke wurden eingespielt und werden im Fr\u00fchjahr 2013 auf der CD &#8222;Second Crack&#8220;ver\u00f6ffentlicht! Mit dabei sind wieder <strong>Katrin Scherer<\/strong> an der Querfl\u00f6te, dem Alt- und Baritonsax,<strong> Stefan Scheib <\/strong>am Kontrabass, <strong>Christoph Hillmann<\/strong> an Drumset, Udu und Dholak sowie ich an Tenorsax, Klarinette und Bassklarinette. Ich freue mich wirklich sehr!<\/p>\n<p>Dezember 2010 (NL- Ruhr Kitchen)<\/p>\n<p><span style=\"color: #000000;\">Konzerte Spinifex Tuba Band (NL) meets Katrin Scherer\u00b4s THE BLISS (D)<\/span><br \/>\nDi., 07.12. 2010, 19h30 Consol Theater Gelsenkirchen (GEjazzt e.V.)<br \/>\nMi., 08.12. 2010, 21h OT 301 Amsterdam (Trytone NL)<br \/>\nFr., 10.12. 2010, 20h30 Lantaren\/ Venster Rotterdam (NL)<\/p>\n<p>Katrin Scherer- as,fl \/\/ Sven Decker- ts, cl, bcl \/\/ John Dennis Renken- tp \/\/<br \/>\nAndreas Wahl- git. \/\/ Sebastian R\u00e4ther- b \/\/ Christian Thom\u00e9- dr \/\/<br \/>\nTobias Klein- as, bcl \/\/ Ned McGowan- fl \/\/ Gijs Levelt- tp \/\/ Joost Buis- tb \/\/<br \/>\nTheo van Tol- accord. \/\/ Axel Schappert- tuba, tb Pascal Rousseau- tuba \/\/<br \/>\nGerri J\u00e4ger- dr \/\/<\/p>\n<p><span style=\"color: black;\">So., 28.11. 2010, 20h Konzert Essen, Zeche Carl (Kaue)<\/span><\/p>\n<p><span style=\"color: #000000;\">1. Set: Grubenklang- Orchester<\/span><\/p>\n<p><span style=\"color: #000000;\">2. Set: Grubenklang-Orchester meets Jazz Offensive Essen e.V.<br \/>\n(Kompositionen\/Urauff\u00fchrung von Katrin Scherer und Sven Decker)<\/span><\/p>\n<p><span style=\"color: black;\">Grubenklang Orchester:<br \/>\nGeorg Graewe &#8211; piano, comp- \/\/<br \/>\nThomas Berghammer \u2013 tp \/\/ Sebastiano Tramontana \u2013 tb \/\/ Melvyn Poore \u2013<br \/>\ntuba \/\/ Theo J\u00f6rgensmann \u2013 cl \/\/ Frank Gratkowski -as, cl \/\/ Tobias Delius \u2013 ts<br \/>\n\/\/ Eckard Koltermann &#8211; bs, bcl \/\/ Martin Siewert \u2013 guitars \/\/ John Lindberg \u2013 db<br \/>\n\/\/ Dieter Manderscheid \u2013 db \/\/ Michael Vatcher &#8211; drums, vibrafon \/\/<br \/>\nAchim Kraemer \u2013 dr<\/span><\/p>\n<p><span style=\"color: black;\">JOE-Musiker:<br \/>\nKatrin Scherer- saxes, cl, comp.\/\/ Sven Decker- saxes, cl, comp.\/\/<br \/>\nAndreas Wahl- git.\/\/ Simon Camatta- dr \/\/ Marc Brenken- p \/\/<br \/>\nJohn Dennis Renken- tp \/\/ Daniel Brandl- cello \/\/<\/span><\/p>\n<p><span style=\"color: black;\">M\u00e4rz 2010<\/span><span style=\"color: #bf3d3d;\"><br \/>\n<span style=\"color: #000000;\">Ver\u00f6ffentlichung der 4. Produktion auf GREEN DEER MUSIC<\/span><br \/>\n<\/span><span style=\"color: black;\">Das neue Sextet von Katrin Scherer THE BLISS (GDM 04) mit<br \/>\nKatrin Scherer_ altosax, fl., comp.<br \/>\nJohn Dennis Renken_ trp.<br \/>\nSven Decker_ tenorsax., cl., bcl.<br \/>\nAndreas Wahl_ git.<br \/>\nSebastian R\u00e4ther_b<br \/>\nChristian Thom\u00e9_ dr, glockenspiel<\/span><span style=\"color: #bf3d3d;\"><br \/>\n<\/span><\/p>\n<p><img loading=\"lazy\" decoding=\"async\" class=\"alignnone size-full wp-image-109\" src=\"https:\/\/sven-decker.de\/wp-content\/uploads\/2018\/03\/blisscoverKopie1.gif\" alt=\"\" width=\"200\" height=\"171\" \/><\/p>\n<p><span style=\"color: black;\">Mo, 18.10.2010<\/span><span style=\"color: #bf3d3d;\"><br \/>\n<span style=\"color: #000000;\">Ohne 4 gespielt drei &#8222;A40&#8220; zu Gast in Eindhoven (NL), Caf\u00e9 Wilhelmina<\/span><br \/>\n<span style=\"color: #000000;\">Foto: Baptist Clauwens<\/span><br \/>\n<\/span><\/p>\n<p><img loading=\"lazy\" decoding=\"async\" class=\"alignnone size-medium wp-image-93\" src=\"https:\/\/sven-decker.de\/wp-content\/uploads\/2018\/03\/O4g3Index-300x198.jpg\" alt=\"\" width=\"300\" height=\"198\" srcset=\"https:\/\/sven-decker.de\/wp-content\/uploads\/2018\/03\/O4g3Index-300x198.jpg 300w, https:\/\/sven-decker.de\/wp-content\/uploads\/2018\/03\/O4g3Index.jpg 320w\" sizes=\"auto, (max-width: 300px) 100vw, 300px\" \/><\/p>\n<p>Katrin Scherer- Altsaxophon, Baritonsaxophon, Melodika, Glockenspiel, Elektr., Komp.<br \/>\nBernd Oezsevim- Schlagzeug, Perkussion<br \/>\nSven Decker- Tenorsaxophon, Klarinette, Bassklarinette, Elektr., Komp.<\/p>\n<p><span style=\"color: black;\">Mi, 09.12.2009<\/span><span style=\"color: #bf3d3d;\"><br \/>\n<span style=\"color: #000000;\">Konzertf\u00f6rderung f\u00fcr Katrin Scherer durch den Landesmusikrat f\u00fcr Konzerte mit<\/span><br \/>\n<span style=\"color: #000000;\">Werken von Komponistinnen aus NRW.<\/span><br \/>\n<span style=\"color: #000000;\">In diesem Rahmen wird Katrin ein neues Ensemble &#8211; THE BLISS &#8211; pr\u00e4sentieren und Ihre<\/span><br \/>\n<span style=\"color: #000000;\">neue Kompositionen vorstellen.<\/span><\/span><\/p>\n<p>THE BLISS:<br \/>\nKatrin Scherer &#8211; Altsaxophon, Fl\u00f6te, Komposition<br \/>\nJohn-Dennis Renken &#8211; Trompete<br \/>\nSven Decker &#8211; Klarinette, Bassklarinette, Tenorsaxophon<br \/>\nAndreas Wahl &#8211; E-Gitarre, Acoustic Gitarre<br \/>\nSebastian R\u00e4ther &#8211; Kontrabass<br \/>\nChristian Thom\u00e9 &#8211; Schlagzeug, Glockenspiel<\/p>\n<p>Termine:<br \/>\nFr., 11. Dezember, Loft, K\u00f6ln, 20h30<br \/>\nSa., 12.Dezember, Bunker Ulmenwall, Bielefeld, 20h30<br \/>\nSo, 31. Januar 2010, Stadtgarten K\u00f6ln, 20h30<\/p>\n<p>Foto: Tina Erhart (Bunker Ulmenwall, Bielefeld)<\/p>\n<p><img loading=\"lazy\" decoding=\"async\" class=\"alignnone size-medium wp-image-74\" src=\"https:\/\/sven-decker.de\/wp-content\/uploads\/2018\/03\/BLISSBunkerIndex-300x197.jpg\" alt=\"\" width=\"300\" height=\"197\" srcset=\"https:\/\/sven-decker.de\/wp-content\/uploads\/2018\/03\/BLISSBunkerIndex-300x197.jpg 300w, https:\/\/sven-decker.de\/wp-content\/uploads\/2018\/03\/BLISSBunkerIndex.jpg 350w\" sizes=\"auto, (max-width: 300px) 100vw, 300px\" \/><\/p>\n<p><span style=\"color: black;\">Di, 24.11.2009<\/span><br \/>\nhier ein Foto vom jazzplayseurope-Konzert in Wroclaw (PL) am 21.11.2009<\/p>\n<p><img loading=\"lazy\" decoding=\"async\" class=\"alignnone size-medium wp-image-91\" src=\"https:\/\/sven-decker.de\/wp-content\/uploads\/2018\/03\/Jazztopad-index-200x300.jpg\" alt=\"\" width=\"200\" height=\"300\" srcset=\"https:\/\/sven-decker.de\/wp-content\/uploads\/2018\/03\/Jazztopad-index-200x300.jpg 200w, https:\/\/sven-decker.de\/wp-content\/uploads\/2018\/03\/Jazztopad-index.jpg 283w\" sizes=\"auto, (max-width: 200px) 100vw, 200px\" \/><\/p>\n","protected":false},"excerpt":{"rendered":"<p>Hallo liebe Leute und willkommen auf meiner Homepage! Viel Spa\u00df beim St\u00f6bern! &nbsp; November 2025 Das neue Album Jo Beyer &#8222;Live in Bangalore&#8220; wird am 21.11. auf Berthold Records ver\u00f6ffentlicht. Verf\u00fcgbar als Vinyl, CD und Download! Jo Beyer- Drums, Compositions Andreas Wahl- E- Guitar Felix Elsner- Piano Sven Decker- Tenor Saxophone Recorded live at Windmills<\/p>\n<div><a class=\"btn-filled btn\" href=\"https:\/\/sven-decker.de\/\" title=\"News\">Weiterlesen<\/a><\/div>\n","protected":false},"author":1,"featured_media":0,"parent":0,"menu_order":0,"comment_status":"closed","ping_status":"open","template":"","meta":{"footnotes":""},"class_list":["post-520","page","type-page","status-publish","hentry"],"_links":{"self":[{"href":"https:\/\/sven-decker.de\/index.php?rest_route=\/wp\/v2\/pages\/520","targetHints":{"allow":["GET"]}}],"collection":[{"href":"https:\/\/sven-decker.de\/index.php?rest_route=\/wp\/v2\/pages"}],"about":[{"href":"https:\/\/sven-decker.de\/index.php?rest_route=\/wp\/v2\/types\/page"}],"author":[{"embeddable":true,"href":"https:\/\/sven-decker.de\/index.php?rest_route=\/wp\/v2\/users\/1"}],"replies":[{"embeddable":true,"href":"https:\/\/sven-decker.de\/index.php?rest_route=%2Fwp%2Fv2%2Fcomments&post=520"}],"version-history":[{"count":28,"href":"https:\/\/sven-decker.de\/index.php?rest_route=\/wp\/v2\/pages\/520\/revisions"}],"predecessor-version":[{"id":730,"href":"https:\/\/sven-decker.de\/index.php?rest_route=\/wp\/v2\/pages\/520\/revisions\/730"}],"wp:attachment":[{"href":"https:\/\/sven-decker.de\/index.php?rest_route=%2Fwp%2Fv2%2Fmedia&parent=520"}],"curies":[{"name":"wp","href":"https:\/\/api.w.org\/{rel}","templated":true}]}}